{"id":1091,"date":"2024-09-24T10:49:03","date_gmt":"2024-09-24T08:49:03","guid":{"rendered":"http:\/\/localhost:8888\/trail\/?page_id=1091"},"modified":"2024-09-24T18:34:42","modified_gmt":"2024-09-24T16:34:42","slug":"se-loger","status":"publish","type":"page","link":"https:\/\/trail-serre-chevalier.com\/index.php\/se-loger\/","title":{"rendered":"Se Loger"},"content":{"rendered":"\n<div class=\"wp-block-group alignfull has-accent-3-background-color has-background has-global-padding is-layout-constrained wp-container-core-group-is-layout-1131737d wp-block-group-is-layout-constrained\" style=\"margin-top:0;margin-bottom:0;padding-top:var(--wp--preset--spacing--20);padding-right:var(--wp--preset--spacing--20);padding-bottom:var(--wp--preset--spacing--20);padding-left:var(--wp--preset--spacing--20)\">\n<div class=\"wp-block-columns alignwide are-vertically-aligned-top is-layout-flex wp-container-core-columns-is-layout-60a90298 wp-block-columns-is-layout-flex\">\n<div class=\"wp-block-column is-vertically-aligned-top is-layout-flow wp-block-column-is-layout-flow\" style=\"flex-basis:20%\">\n<figure class=\"wp-block-image size-full has-custom-border is-style-rounded wp-duotone-unset-2 is-style-rounded--1\"><img loading=\"lazy\" decoding=\"async\" width=\"540\" height=\"360\" src=\"https:\/\/trail-serre-chevalier.com\/wp-content\/uploads\/2024\/09\/HEBERGEMENTS.jpg\" alt=\"\" class=\"has-border-color has-base-2-border-color wp-image-1096\" style=\"aspect-ratio:4\/3;object-fit:cover\" srcset=\"https:\/\/trail-serre-chevalier.com\/wp-content\/uploads\/2024\/09\/HEBERGEMENTS.jpg 540w, https:\/\/trail-serre-chevalier.com\/wp-content\/uploads\/2024\/09\/HEBERGEMENTS-300x200.jpg 300w\" sizes=\"auto, (max-width: 540px) 100vw, 540px\" \/><\/figure>\n<\/div>\n\n\n\n<div class=\"wp-block-column is-vertically-aligned-top has-base-2-color has-text-color has-link-color wp-elements-6f10bbbbaadce5e744c82b93b5027022 is-layout-flow wp-container-core-column-is-layout-b2a27621 wp-block-column-is-layout-flow\" style=\"padding-top:0;padding-right:0;padding-bottom:0;padding-left:0;flex-basis:80%\">\n<h2 class=\"wp-block-heading has-base-2-color has-text-color has-link-color wp-elements-cb9d0b9ed4cef890c7e195de8176faef\" style=\"margin-top:0;margin-bottom:0;font-size:clamp(1.25rem, 1.25rem + ((1vw - 0.2rem) * 1.25), 2rem);font-style:normal;font-weight:700;text-transform:uppercase\">h\u00e9bergements<\/h2>\n\n\n\n<p class=\"justifier has-small-font-size\" style=\"padding-top:var(--wp--preset--spacing--10);font-style:normal;font-weight:300\">La vall\u00e9e de&nbsp;Serre Chevalier&nbsp;et ses habitants vous propose de multiples possibilit\u00e9s d&rsquo;h\u00e9bergements. Aux pieds des glaciers des Ecrins et de la Meije, laissez vous s\u00e9duire par la magie du massif des&nbsp;Cerces, au milieu des bouquetins et chamois fid\u00e8les habitants des lieux. <\/p>\n<\/div>\n<\/div>\n<\/div>\n\n\n\n<div class=\"wp-block-group alignfull has-global-padding is-layout-constrained wp-container-core-group-is-layout-5927724f wp-block-group-is-layout-constrained\" style=\"margin-top:0;margin-bottom:0;padding-top:0;padding-right:0;padding-bottom:var(--wp--preset--spacing--10);padding-left:0\">\n<div class=\"wp-block-group justifier has-small-font-size has-global-padding is-layout-constrained wp-container-core-group-is-layout-b13d32f8 wp-block-group-is-layout-constrained\" style=\"padding-right:var(--wp--preset--spacing--10);padding-left:var(--wp--preset--spacing--10)\">\n<h2 class=\"wp-block-heading has-text-align-left has-accent-3-color has-text-color has-link-color has-large-font-size wp-elements-7b3f55bb1b5c1a0e308f68a74f457eee\" style=\"padding-top:var(--wp--preset--spacing--10);font-style:normal;font-weight:700;text-transform:capitalize\">se loger<\/h2>\n\n\n\n<p class=\"has-small-font-size\">Vous souhaitez participer \u00e0 nos diff\u00e9rentes \u00e9preuves et vous \u00eates \u00e0 la recherche d&rsquo;un logement. N&rsquo;h\u00e9sitez pas \u00e0 consulter le site de l&rsquo;office de tourisme de Serre Chevalier pour r\u00e9server votre h\u00e9bergement.<\/p>\n\n\n\n<figure class=\"wp-block-image aligncenter size-large is-resized has-custom-border\"><a href=\"https:\/\/www.serre-chevalier.com\/fr\/hebergements\"><img loading=\"lazy\" decoding=\"async\" width=\"1024\" height=\"440\" src=\"https:\/\/trail-serre-chevalier.com\/wp-content\/uploads\/2024\/09\/SERRE_CHE_LOGO-1024x440.png\" alt=\"\" class=\"wp-image-1223\" style=\"border-style:none;border-width:0px;border-radius:0px;width:auto;height:150px\" srcset=\"https:\/\/trail-serre-chevalier.com\/wp-content\/uploads\/2024\/09\/SERRE_CHE_LOGO-1024x440.png 1024w, https:\/\/trail-serre-chevalier.com\/wp-content\/uploads\/2024\/09\/SERRE_CHE_LOGO-300x129.png 300w, https:\/\/trail-serre-chevalier.com\/wp-content\/uploads\/2024\/09\/SERRE_CHE_LOGO-768x330.png 768w, https:\/\/trail-serre-chevalier.com\/wp-content\/uploads\/2024\/09\/SERRE_CHE_LOGO.png 1053w\" sizes=\"auto, (max-width: 1024px) 100vw, 1024px\" \/><\/a><\/figure>\n<\/div>\n<\/div>\n","protected":false},"excerpt":{"rendered":"<p>h\u00e9bergements La vall\u00e9e de&nbsp;Serre Chevalier&nbsp;et ses habitants vous propose de multiples possibilit\u00e9s d&rsquo;h\u00e9bergements. Aux pieds des glaciers des Ecrins et de la Meije, laissez vous s\u00e9duire par la magie du massif des&nbsp;Cerces, au milieu des bouquetins et chamois fid\u00e8les habitants des lieux. se loger Vous souhaitez participer \u00e0 nos diff\u00e9rentes \u00e9preuves et vous \u00eates \u00e0 [&hellip;]<\/p>\n","protected":false},"author":1,"featured_media":0,"parent":0,"menu_order":0,"comment_status":"closed","ping_status":"closed","template":"page-no-title","meta":{"footnotes":""},"class_list":["post-1091","page","type-page","status-publish","hentry"],"yoast_head":"<!-- This site is optimized with the Yoast SEO plugin v26.7 - https:\/\/yoast.com\/wordpress\/plugins\/seo\/ -->\n<title>Se Loger - Trail Serre Chevalier<\/title>\n<meta name=\"description\" content=\"Trail Serre Chevalier - Se Loger - H\u00e9bergements - Course de Trail dans la vall\u00e9e de Serre Chevalier et la Clar\u00e9e\" \/>\n<meta name=\"robots\" content=\"index, follow, max-snippet:-1, max-image-preview:large, max-video-preview:-1\" \/>\n<link rel=\"canonical\" href=\"https:\/\/trail-serre-chevalier.com\/index.php\/se-loger\/\" \/>\n<meta property=\"og:locale\" content=\"fr_FR\" \/>\n<meta property=\"og:type\" content=\"article\" \/>\n<meta property=\"og:title\" content=\"Se Loger - Trail Serre Chevalier\" \/>\n<meta property=\"og:description\" content=\"Trail Serre Chevalier - Se Loger - H\u00e9bergements - Course de Trail dans la vall\u00e9e de Serre Chevalier et la Clar\u00e9e\" \/>\n<meta property=\"og:url\" content=\"https:\/\/trail-serre-chevalier.com\/index.php\/se-loger\/\" \/>\n<meta property=\"og:site_name\" content=\"Trail Serre Chevalier\" \/>\n<meta property=\"article:publisher\" content=\"https:\/\/www.facebook.com\/serrechetrailsalomon\" \/>\n<meta property=\"article:modified_time\" content=\"2024-09-24T16:34:42+00:00\" \/>\n<meta property=\"og:image\" content=\"https:\/\/trail-serre-chevalier.com\/wp-content\/uploads\/2024\/09\/HEBERGEMENTS.jpg\" \/>\n<meta name=\"twitter:card\" content=\"summary_large_image\" \/>\n<meta name=\"twitter:label1\" content=\"Dur\u00e9e de lecture estim\u00e9e\" \/>\n\t<meta name=\"twitter:data1\" content=\"1 minute\" \/>\n<script type=\"application\/ld+json\" class=\"yoast-schema-graph\">{\"@context\":\"https:\/\/schema.org\",\"@graph\":[{\"@type\":\"WebPage\",\"@id\":\"https:\/\/trail-serre-chevalier.com\/index.php\/se-loger\/\",\"url\":\"https:\/\/trail-serre-chevalier.com\/index.php\/se-loger\/\",\"name\":\"Se Loger - Trail Serre Chevalier\",\"isPartOf\":{\"@id\":\"https:\/\/trail-serre-chevalier.com\/#website\"},\"primaryImageOfPage\":{\"@id\":\"https:\/\/trail-serre-chevalier.com\/index.php\/se-loger\/#primaryimage\"},\"image\":{\"@id\":\"https:\/\/trail-serre-chevalier.com\/index.php\/se-loger\/#primaryimage\"},\"thumbnailUrl\":\"https:\/\/trail-serre-chevalier.com\/wp-content\/uploads\/2024\/09\/HEBERGEMENTS.jpg\",\"datePublished\":\"2024-09-24T08:49:03+00:00\",\"dateModified\":\"2024-09-24T16:34:42+00:00\",\"description\":\"Trail Serre Chevalier - Se Loger - H\u00e9bergements - Course de Trail dans la vall\u00e9e de Serre Chevalier et la Clar\u00e9e\",\"breadcrumb\":{\"@id\":\"https:\/\/trail-serre-chevalier.com\/index.php\/se-loger\/#breadcrumb\"},\"inLanguage\":\"fr-FR\",\"potentialAction\":[{\"@type\":\"ReadAction\",\"target\":[\"https:\/\/trail-serre-chevalier.com\/index.php\/se-loger\/\"]}]},{\"@type\":\"ImageObject\",\"inLanguage\":\"fr-FR\",\"@id\":\"https:\/\/trail-serre-chevalier.com\/index.php\/se-loger\/#primaryimage\",\"url\":\"https:\/\/trail-serre-chevalier.com\/wp-content\/uploads\/2024\/09\/HEBERGEMENTS.jpg\",\"contentUrl\":\"https:\/\/trail-serre-chevalier.com\/wp-content\/uploads\/2024\/09\/HEBERGEMENTS.jpg\",\"width\":540,\"height\":360},{\"@type\":\"BreadcrumbList\",\"@id\":\"https:\/\/trail-serre-chevalier.com\/index.php\/se-loger\/#breadcrumb\",\"itemListElement\":[{\"@type\":\"ListItem\",\"position\":1,\"name\":\"Accueil\",\"item\":\"https:\/\/trail-serre-chevalier.com\/\"},{\"@type\":\"ListItem\",\"position\":2,\"name\":\"Se Loger\"}]},{\"@type\":\"WebSite\",\"@id\":\"https:\/\/trail-serre-chevalier.com\/#website\",\"url\":\"https:\/\/trail-serre-chevalier.com\/\",\"name\":\"Trail Serre Chevalier\",\"description\":\"Une vall\u00e9e, 4 \u00e9v\u00e8nements\",\"publisher\":{\"@id\":\"https:\/\/trail-serre-chevalier.com\/#organization\"},\"alternateName\":\"Serre Che Trail\",\"potentialAction\":[{\"@type\":\"SearchAction\",\"target\":{\"@type\":\"EntryPoint\",\"urlTemplate\":\"https:\/\/trail-serre-chevalier.com\/?s={search_term_string}\"},\"query-input\":{\"@type\":\"PropertyValueSpecification\",\"valueRequired\":true,\"valueName\":\"search_term_string\"}}],\"inLanguage\":\"fr-FR\"},{\"@type\":\"Organization\",\"@id\":\"https:\/\/trail-serre-chevalier.com\/#organization\",\"name\":\"Trail Serre Chevalier\",\"alternateName\":\"Serre Che Trail\",\"url\":\"https:\/\/trail-serre-chevalier.com\/\",\"logo\":{\"@type\":\"ImageObject\",\"inLanguage\":\"fr-FR\",\"@id\":\"https:\/\/trail-serre-chevalier.com\/#\/schema\/logo\/image\/\",\"url\":\"https:\/\/trail-serre-chevalier.com\/wp-content\/uploads\/2024\/09\/LOGO-SCT-QUADRI.png\",\"contentUrl\":\"https:\/\/trail-serre-chevalier.com\/wp-content\/uploads\/2024\/09\/LOGO-SCT-QUADRI.png\",\"width\":1100,\"height\":1100,\"caption\":\"Trail Serre Chevalier\"},\"image\":{\"@id\":\"https:\/\/trail-serre-chevalier.com\/#\/schema\/logo\/image\/\"},\"sameAs\":[\"https:\/\/www.facebook.com\/serrechetrailsalomon\",\"https:\/\/www.instagram.com\/serrechetrail\/?igshid=MzMyNGUyNmU2YQ\"]}]}<\/script>\n<!-- \/ Yoast SEO plugin. -->","yoast_head_json":{"title":"Se Loger - Trail Serre Chevalier","description":"Trail Serre Chevalier - Se Loger - H\u00e9bergements - Course de Trail dans la vall\u00e9e de Serre Chevalier et la Clar\u00e9e","robots":{"index":"index","follow":"follow","max-snippet":"max-snippet:-1","max-image-preview":"max-image-preview:large","max-video-preview":"max-video-preview:-1"},"canonical":"https:\/\/trail-serre-chevalier.com\/index.php\/se-loger\/","og_locale":"fr_FR","og_type":"article","og_title":"Se Loger - Trail Serre Chevalier","og_description":"Trail Serre Chevalier - Se Loger - H\u00e9bergements - Course de Trail dans la vall\u00e9e de Serre Chevalier et la Clar\u00e9e","og_url":"https:\/\/trail-serre-chevalier.com\/index.php\/se-loger\/","og_site_name":"Trail Serre Chevalier","article_publisher":"https:\/\/www.facebook.com\/serrechetrailsalomon","article_modified_time":"2024-09-24T16:34:42+00:00","og_image":[{"url":"https:\/\/trail-serre-chevalier.com\/wp-content\/uploads\/2024\/09\/HEBERGEMENTS.jpg","type":"","width":"","height":""}],"twitter_card":"summary_large_image","twitter_misc":{"Dur\u00e9e de lecture estim\u00e9e":"1 minute"},"schema":{"@context":"https:\/\/schema.org","@graph":[{"@type":"WebPage","@id":"https:\/\/trail-serre-chevalier.com\/index.php\/se-loger\/","url":"https:\/\/trail-serre-chevalier.com\/index.php\/se-loger\/","name":"Se Loger - Trail Serre Chevalier","isPartOf":{"@id":"https:\/\/trail-serre-chevalier.com\/#website"},"primaryImageOfPage":{"@id":"https:\/\/trail-serre-chevalier.com\/index.php\/se-loger\/#primaryimage"},"image":{"@id":"https:\/\/trail-serre-chevalier.com\/index.php\/se-loger\/#primaryimage"},"thumbnailUrl":"https:\/\/trail-serre-chevalier.com\/wp-content\/uploads\/2024\/09\/HEBERGEMENTS.jpg","datePublished":"2024-09-24T08:49:03+00:00","dateModified":"2024-09-24T16:34:42+00:00","description":"Trail Serre Chevalier - Se Loger - H\u00e9bergements - Course de Trail dans la vall\u00e9e de Serre Chevalier et la Clar\u00e9e","breadcrumb":{"@id":"https:\/\/trail-serre-chevalier.com\/index.php\/se-loger\/#breadcrumb"},"inLanguage":"fr-FR","potentialAction":[{"@type":"ReadAction","target":["https:\/\/trail-serre-chevalier.com\/index.php\/se-loger\/"]}]},{"@type":"ImageObject","inLanguage":"fr-FR","@id":"https:\/\/trail-serre-chevalier.com\/index.php\/se-loger\/#primaryimage","url":"https:\/\/trail-serre-chevalier.com\/wp-content\/uploads\/2024\/09\/HEBERGEMENTS.jpg","contentUrl":"https:\/\/trail-serre-chevalier.com\/wp-content\/uploads\/2024\/09\/HEBERGEMENTS.jpg","width":540,"height":360},{"@type":"BreadcrumbList","@id":"https:\/\/trail-serre-chevalier.com\/index.php\/se-loger\/#breadcrumb","itemListElement":[{"@type":"ListItem","position":1,"name":"Accueil","item":"https:\/\/trail-serre-chevalier.com\/"},{"@type":"ListItem","position":2,"name":"Se Loger"}]},{"@type":"WebSite","@id":"https:\/\/trail-serre-chevalier.com\/#website","url":"https:\/\/trail-serre-chevalier.com\/","name":"Trail Serre Chevalier","description":"Une vall\u00e9e, 4 \u00e9v\u00e8nements","publisher":{"@id":"https:\/\/trail-serre-chevalier.com\/#organization"},"alternateName":"Serre Che Trail","potentialAction":[{"@type":"SearchAction","target":{"@type":"EntryPoint","urlTemplate":"https:\/\/trail-serre-chevalier.com\/?s={search_term_string}"},"query-input":{"@type":"PropertyValueSpecification","valueRequired":true,"valueName":"search_term_string"}}],"inLanguage":"fr-FR"},{"@type":"Organization","@id":"https:\/\/trail-serre-chevalier.com\/#organization","name":"Trail Serre Chevalier","alternateName":"Serre Che Trail","url":"https:\/\/trail-serre-chevalier.com\/","logo":{"@type":"ImageObject","inLanguage":"fr-FR","@id":"https:\/\/trail-serre-chevalier.com\/#\/schema\/logo\/image\/","url":"https:\/\/trail-serre-chevalier.com\/wp-content\/uploads\/2024\/09\/LOGO-SCT-QUADRI.png","contentUrl":"https:\/\/trail-serre-chevalier.com\/wp-content\/uploads\/2024\/09\/LOGO-SCT-QUADRI.png","width":1100,"height":1100,"caption":"Trail Serre Chevalier"},"image":{"@id":"https:\/\/trail-serre-chevalier.com\/#\/schema\/logo\/image\/"},"sameAs":["https:\/\/www.facebook.com\/serrechetrailsalomon","https:\/\/www.instagram.com\/serrechetrail\/?igshid=MzMyNGUyNmU2YQ"]}]}},"_links":{"self":[{"href":"https:\/\/trail-serre-chevalier.com\/index.php\/wp-json\/wp\/v2\/pages\/1091","targetHints":{"allow":["GET"]}}],"collection":[{"href":"https:\/\/trail-serre-chevalier.com\/index.php\/wp-json\/wp\/v2\/pages"}],"about":[{"href":"https:\/\/trail-serre-chevalier.com\/index.php\/wp-json\/wp\/v2\/types\/page"}],"author":[{"embeddable":true,"href":"https:\/\/trail-serre-chevalier.com\/index.php\/wp-json\/wp\/v2\/users\/1"}],"replies":[{"embeddable":true,"href":"https:\/\/trail-serre-chevalier.com\/index.php\/wp-json\/wp\/v2\/comments?post=1091"}],"version-history":[{"count":20,"href":"https:\/\/trail-serre-chevalier.com\/index.php\/wp-json\/wp\/v2\/pages\/1091\/revisions"}],"predecessor-version":[{"id":1225,"href":"https:\/\/trail-serre-chevalier.com\/index.php\/wp-json\/wp\/v2\/pages\/1091\/revisions\/1225"}],"wp:attachment":[{"href":"https:\/\/trail-serre-chevalier.com\/index.php\/wp-json\/wp\/v2\/media?parent=1091"}],"curies":[{"name":"wp","href":"https:\/\/api.w.org\/{rel}","templated":true}]}}