{"id":1642,"date":"2025-06-10T15:47:41","date_gmt":"2025-06-10T13:47:41","guid":{"rendered":"https:\/\/trail-serre-chevalier.com\/?page_id=1642"},"modified":"2025-12-02T19:41:28","modified_gmt":"2025-12-02T18:41:28","slug":"serrechensemble-trail","status":"publish","type":"page","link":"https:\/\/trail-serre-chevalier.com\/index.php\/serrechensemble-trail\/","title":{"rendered":"SerreCh&rsquo;Ensemble &#8211; 5km"},"content":{"rendered":"\n<div class=\"wp-block-group alignfull has-accent-3-background-color has-background has-global-padding is-layout-constrained wp-container-core-group-is-layout-1131737d wp-block-group-is-layout-constrained\" style=\"margin-top:0;margin-bottom:0;padding-top:var(--wp--preset--spacing--20);padding-right:var(--wp--preset--spacing--20);padding-bottom:var(--wp--preset--spacing--20);padding-left:var(--wp--preset--spacing--20)\">\n<div class=\"wp-block-columns alignwide is-layout-flex wp-container-core-columns-is-layout-60a90298 wp-block-columns-is-layout-flex\">\n<div class=\"wp-block-column is-vertically-aligned-top is-layout-flow wp-block-column-is-layout-flow\" style=\"flex-basis:20%\">\n<figure class=\"wp-block-image size-full has-custom-border is-style-rounded wp-duotone-unset-2 is-style-rounded--1\"><img loading=\"lazy\" decoding=\"async\" width=\"1707\" height=\"2560\" src=\"https:\/\/trail-serre-chevalier.com\/wp-content\/uploads\/2024\/09\/SERRE_CHE_TRAIL.jpg\" alt=\"\" class=\"has-border-color has-base-2-border-color wp-image-60\" style=\"aspect-ratio:4\/3;object-fit:cover\" srcset=\"https:\/\/trail-serre-chevalier.com\/wp-content\/uploads\/2024\/09\/SERRE_CHE_TRAIL.jpg 1707w, https:\/\/trail-serre-chevalier.com\/wp-content\/uploads\/2024\/09\/SERRE_CHE_TRAIL-200x300.jpg 200w, https:\/\/trail-serre-chevalier.com\/wp-content\/uploads\/2024\/09\/SERRE_CHE_TRAIL-683x1024.jpg 683w, https:\/\/trail-serre-chevalier.com\/wp-content\/uploads\/2024\/09\/SERRE_CHE_TRAIL-768x1152.jpg 768w, https:\/\/trail-serre-chevalier.com\/wp-content\/uploads\/2024\/09\/SERRE_CHE_TRAIL-1024x1536.jpg 1024w, https:\/\/trail-serre-chevalier.com\/wp-content\/uploads\/2024\/09\/SERRE_CHE_TRAIL-1366x2048.jpg 1366w\" sizes=\"auto, (max-width: 1707px) 100vw, 1707px\" \/><\/figure>\n<\/div>\n\n\n\n<div class=\"wp-block-column is-vertically-aligned-top has-base-2-color has-text-color has-link-color wp-elements-c8727257c600f590b08cc0b53a8b1ad0 is-layout-flow wp-container-core-column-is-layout-b2a27621 wp-block-column-is-layout-flow\" style=\"padding-top:0;padding-right:0;padding-bottom:0;padding-left:0;flex-basis:80%\">\n<h2 class=\"wp-block-heading has-base-2-color has-text-color has-link-color wp-elements-222e02a42fecfcbef8ea471a70f2b689\" style=\"margin-top:0;margin-bottom:0;font-size:clamp(1.25rem, 1.25rem + ((1vw - 0.2rem) * 1.25), 2rem);font-style:normal;font-weight:700;text-transform:uppercase\">serre che trail<\/h2>\n\n\n\n<h3 class=\"wp-block-heading has-base-2-color has-text-color has-link-color has-medium-font-size wp-elements-1dcb4667c76131ed1544dda0029777bd\" style=\"font-style:normal;font-weight:700;text-transform:uppercase\">Serre Ch&rsquo;Ensemble  5 km \/ + 250 m<\/h3>\n\n\n\n<p class=\"justifier has-small-font-size\" style=\"padding-top:var(--wp--preset--spacing--10);font-style:normal;font-weight:300\">Marche et Course inclusive et solidaire ouverte \u00e0 tous ainsi qu&rsquo;aux sportifs en situation de handicap mental, psychique et neuro-d\u00e9veloppemental. La totalit\u00e9 des inscriptions est revers\u00e9e \u00e0 une association.<\/p>\n<\/div>\n<\/div>\n<\/div>\n\n\n\n<div class=\"wp-block-group alignfull has-global-padding is-layout-constrained wp-container-core-group-is-layout-5927724f wp-block-group-is-layout-constrained\" style=\"margin-top:0;margin-bottom:0;padding-top:0;padding-right:0;padding-bottom:var(--wp--preset--spacing--10);padding-left:0\">\n<div class=\"wp-block-group alignfull has-global-padding is-layout-constrained wp-container-core-group-is-layout-a75fe9cd wp-block-group-is-layout-constrained wp-container-3 is-position-sticky\" style=\"margin-top:0;margin-bottom:0;padding-top:var(--wp--preset--spacing--10);padding-bottom:var(--wp--preset--spacing--10)\">\n<div class=\"wp-block-columns is-not-stacked-on-mobile is-layout-flex wp-container-core-columns-is-layout-28f84493 wp-block-columns-is-layout-flex\">\n<div class=\"wp-block-column is-layout-flow wp-block-column-is-layout-flow\">\n<figure class=\"wp-block-image aligncenter size-full is-resized has-custom-border is-style-default\"><a href=\"#UP\"><img loading=\"lazy\" decoding=\"async\" width=\"360\" height=\"360\" src=\"https:\/\/trail-serre-chevalier.com\/wp-content\/uploads\/2024\/09\/HOME.jpg\" alt=\"\" class=\"has-border-color has-accent-3-border-color wp-image-888\" style=\"border-width:2px;border-radius:75px;width:50px\" srcset=\"https:\/\/trail-serre-chevalier.com\/wp-content\/uploads\/2024\/09\/HOME.jpg 360w, https:\/\/trail-serre-chevalier.com\/wp-content\/uploads\/2024\/09\/HOME-300x300.jpg 300w, https:\/\/trail-serre-chevalier.com\/wp-content\/uploads\/2024\/09\/HOME-150x150.jpg 150w\" sizes=\"auto, (max-width: 360px) 100vw, 360px\" \/><\/a><\/figure>\n<\/div>\n\n\n\n<div class=\"wp-block-column is-layout-flow wp-block-column-is-layout-flow\">\n<figure class=\"wp-block-image aligncenter size-full is-resized has-custom-border is-style-default\"><a href=\"#PARCOURS\"><img loading=\"lazy\" decoding=\"async\" width=\"1024\" height=\"1024\" src=\"https:\/\/trail-serre-chevalier.com\/wp-content\/uploads\/2024\/09\/map.png\" alt=\"\" class=\"has-border-color wp-image-670\" style=\"border-color:#d8613c;border-width:2px;border-radius:50%;width:50px\" srcset=\"https:\/\/trail-serre-chevalier.com\/wp-content\/uploads\/2024\/09\/map.png 1024w, https:\/\/trail-serre-chevalier.com\/wp-content\/uploads\/2024\/09\/map-300x300.png 300w, https:\/\/trail-serre-chevalier.com\/wp-content\/uploads\/2024\/09\/map-150x150.png 150w, https:\/\/trail-serre-chevalier.com\/wp-content\/uploads\/2024\/09\/map-768x768.png 768w\" sizes=\"auto, (max-width: 1024px) 100vw, 1024px\" \/><\/a><\/figure>\n<\/div>\n\n\n\n<div class=\"wp-block-column is-layout-flow wp-block-column-is-layout-flow\">\n<figure class=\"wp-block-image aligncenter size-full is-resized has-custom-border is-style-default\"><a href=\"#PROGRAMME\"><img loading=\"lazy\" decoding=\"async\" width=\"1024\" height=\"1024\" src=\"https:\/\/trail-serre-chevalier.com\/wp-content\/uploads\/2024\/09\/programme.png\" alt=\"\" class=\"has-border-color wp-image-565\" style=\"border-color:#d8613c;border-width:2px;border-radius:50%;aspect-ratio:1;object-fit:cover;width:50px\" srcset=\"https:\/\/trail-serre-chevalier.com\/wp-content\/uploads\/2024\/09\/programme.png 1024w, https:\/\/trail-serre-chevalier.com\/wp-content\/uploads\/2024\/09\/programme-300x300.png 300w, https:\/\/trail-serre-chevalier.com\/wp-content\/uploads\/2024\/09\/programme-150x150.png 150w, https:\/\/trail-serre-chevalier.com\/wp-content\/uploads\/2024\/09\/programme-768x768.png 768w\" sizes=\"auto, (max-width: 1024px) 100vw, 1024px\" \/><\/a><\/figure>\n<\/div>\n\n\n\n<div class=\"wp-block-column is-layout-flow wp-block-column-is-layout-flow\">\n<figure class=\"wp-block-image aligncenter size-full is-resized has-custom-border is-style-default\"><a href=\"#EQUIPEMENT\"><img loading=\"lazy\" decoding=\"async\" width=\"1024\" height=\"1024\" src=\"https:\/\/trail-serre-chevalier.com\/wp-content\/uploads\/2024\/09\/gear.png\" alt=\"\" class=\"has-border-color wp-image-561\" style=\"border-color:#d8613c;border-width:2px;border-radius:50%;aspect-ratio:1;object-fit:cover;width:50px\" srcset=\"https:\/\/trail-serre-chevalier.com\/wp-content\/uploads\/2024\/09\/gear.png 1024w, https:\/\/trail-serre-chevalier.com\/wp-content\/uploads\/2024\/09\/gear-300x300.png 300w, https:\/\/trail-serre-chevalier.com\/wp-content\/uploads\/2024\/09\/gear-150x150.png 150w, https:\/\/trail-serre-chevalier.com\/wp-content\/uploads\/2024\/09\/gear-768x768.png 768w\" sizes=\"auto, (max-width: 1024px) 100vw, 1024px\" \/><\/a><\/figure>\n<\/div>\n\n\n\n<div class=\"wp-block-column is-layout-flow wp-block-column-is-layout-flow\">\n<figure class=\"wp-block-image aligncenter size-full is-resized has-custom-border is-style-default\"><a href=\"https:\/\/trail-serre-chevalier.com\/index.php\/reglements\/\"><img loading=\"lazy\" decoding=\"async\" width=\"1024\" height=\"1024\" src=\"https:\/\/trail-serre-chevalier.com\/wp-content\/uploads\/2024\/09\/reglement.png\" alt=\"\" class=\"has-border-color wp-image-573\" style=\"border-color:#d8613c;border-width:2px;border-radius:50%;aspect-ratio:1;object-fit:cover;width:50px\" srcset=\"https:\/\/trail-serre-chevalier.com\/wp-content\/uploads\/2024\/09\/reglement.png 1024w, https:\/\/trail-serre-chevalier.com\/wp-content\/uploads\/2024\/09\/reglement-300x300.png 300w, https:\/\/trail-serre-chevalier.com\/wp-content\/uploads\/2024\/09\/reglement-150x150.png 150w, https:\/\/trail-serre-chevalier.com\/wp-content\/uploads\/2024\/09\/reglement-768x768.png 768w\" sizes=\"auto, (max-width: 1024px) 100vw, 1024px\" \/><\/a><\/figure>\n<\/div>\n<\/div>\n<\/div>\n\n\n\n<div class=\"wp-block-group justifier has-small-font-size has-global-padding is-layout-constrained wp-container-core-group-is-layout-b13d32f8 wp-block-group-is-layout-constrained\" style=\"padding-right:var(--wp--preset--spacing--10);padding-left:var(--wp--preset--spacing--10)\">\n<h2 class=\"wp-block-heading has-text-align-left has-accent-3-color has-text-color has-link-color has-large-font-size wp-elements-b59e50147a1ea7e20d7d38883861a298\" style=\"padding-top:var(--wp--preset--spacing--10);font-style:normal;font-weight:700;text-transform:capitalize\">Fiche Technique<\/h2>\n\n\n\n<ul class=\"wp-block-list\">\n<li><strong>Dates<\/strong> : 12 septembre 2026<\/li>\n\n\n\n<li><strong>Distance<\/strong> : 05 km<\/li>\n\n\n\n<li><strong>D\u00e9nivel\u00e9<\/strong> : +250 m \/ -250 m<\/li>\n\n\n\n<li><strong>Frais d&rsquo;inscription<\/strong> : 10 \u20ac<\/li>\n\n\n\n<li><strong>Cloture des inscription<\/strong> : 11 septembre 2026<\/li>\n\n\n\n<li><strong>Quota d&rsquo;inscription<\/strong> : 1500 coureurs pour l&rsquo;ensemble des courses<\/li>\n<\/ul>\n<\/div>\n\n\n\n<div id=\"PARCOURS\" class=\"wp-block-group justifier has-small-font-size has-global-padding is-layout-constrained wp-container-core-group-is-layout-b13d32f8 wp-block-group-is-layout-constrained\" style=\"padding-right:var(--wp--preset--spacing--10);padding-left:var(--wp--preset--spacing--10)\">\n<div class=\"wp-block-group is-nowrap is-layout-flex wp-container-core-group-is-layout-17c695da wp-block-group-is-layout-flex\">\n<div class=\"wp-block-buttons is-content-justification-left is-layout-flex wp-container-core-buttons-is-layout-fc4fd283 wp-block-buttons-is-layout-flex\">\n<div class=\"wp-block-button is-style-fill\"><a class=\"wp-block-button__link has-base-2-color has-accent-3-background-color has-text-color has-background has-link-color has-small-font-size has-custom-font-size wp-element-button\" href=\"https:\/\/www.sportsnconnect.com\/calendrier-evenements\/view\/4qPKVkVf4ZFJrydZri3r5d\" style=\"border-style:none;border-width:0px;text-transform:uppercase\">INSCRIPTIONS<\/a><\/div>\n<\/div>\n<\/div>\n\n\n\n<h2 class=\"wp-block-heading has-text-align-left has-accent-3-color has-text-color has-link-color has-large-font-size wp-elements-19e7777f883999e34adccc1ed4a812cb\" style=\"padding-top:var(--wp--preset--spacing--40);font-style:normal;font-weight:700;text-transform:capitalize\">Parcours<\/h2>\n\n\n\n<ul class=\"wp-block-list\">\n<li>A la d\u00e9couverte de la tr\u00e8s belle partie finale du 12km Tour des Chapelles. Une belle mani\u00e8re de d\u00e9marrer le week-end du Serre Che Trail, faire un beau geste et encourager des valeurs sportives inclusives et solidaires dans une ambiance conviviale.<\/li>\n\n\n\n<li>05 km pour un d\u00e9nivel\u00e9 de 250 m.<\/li>\n\n\n\n<li>Le parcours effectue une boucle dans le sens horaire : Le Mon\u00eatier-les-Bains, Chapelle Charvet, Peyra Juana, Casse Vendrand, le Mon\u00eatier-les-Bains.<\/li>\n\n\n\n<li>Ce trail solidaire est propos\u00e9 en solo, marcheurs et coureurs.<\/li>\n\n\n\n<li>D\u00e9part \u00e0 11h00.<\/li>\n<\/ul>\n\n\n\n<figure class=\"wp-block-image alignfull size-full has-custom-border\"><img loading=\"lazy\" decoding=\"async\" width=\"595\" height=\"841\" src=\"https:\/\/trail-serre-chevalier.com\/wp-content\/uploads\/2025\/06\/serre-ch-ensemble.jpg\" alt=\"\" class=\"has-border-color wp-image-1661\" style=\"border-color:#d8613c;border-width:2px;border-radius:5px\" srcset=\"https:\/\/trail-serre-chevalier.com\/wp-content\/uploads\/2025\/06\/serre-ch-ensemble.jpg 595w, https:\/\/trail-serre-chevalier.com\/wp-content\/uploads\/2025\/06\/serre-ch-ensemble-212x300.jpg 212w\" sizes=\"auto, (max-width: 595px) 100vw, 595px\" \/><\/figure>\n<\/div>\n\n\n\n<div id=\"PROGRAMME\" class=\"wp-block-group has-global-padding is-layout-constrained wp-container-core-group-is-layout-b13d32f8 wp-block-group-is-layout-constrained\" style=\"padding-right:var(--wp--preset--spacing--10);padding-left:var(--wp--preset--spacing--10)\">\n<h2 class=\"wp-block-heading has-text-align-left has-accent-3-color has-text-color has-link-color has-large-font-size wp-elements-6fde8c55f5499a390d0c4e0838a7dcfb\" style=\"padding-top:var(--wp--preset--spacing--40);font-style:normal;font-weight:700;text-transform:capitalize\">Programme<\/h2>\n\n\n\n<p class=\"has-small-font-size\"><strong>Vendredi 11 septembre<\/strong><\/p>\n\n\n\n<p class=\"has-small-font-size\">-16h00 &#8211; 19h00 : Retrait des dossards et inscriptions, magasin D\u00e9cathlon &#8211; Brian\u00e7on (Produit nutrition offert pour retrait en magasin).<\/p>\n\n\n\n<p class=\"has-small-font-size\"><strong>Samedi 12 septembre<\/strong><\/p>\n\n\n\n<ul class=\"wp-block-list\">\n<li class=\"has-small-font-size\">10h00 \u2013 19h00 : Retrait des dossards et inscriptions , salle du D\u00f4me \u00e0 Pr\u00e9 Chabert \u2013 M\u00f4netier Les Bains.<\/li>\n\n\n\n<li class=\"has-small-font-size\">10h00 \u2013 15h00 : Inscriptions Serre Che Kids, salle du d\u00f4me \u00e0 Pr\u00e9 Chabert \u2013 M\u00f4netier Les Bains.<\/li>\n\n\n\n<li class=\"has-small-font-size\">10h00 \u2013 19h00 :&nbsp;Ouverture de l\u2019espace buvette-snack-boutique.<\/li>\n\n\n\n<li class=\"has-small-font-size\">10h00 \u2013 19h00 : F\u00eate du sport : Escalade, Biathlon, Ski roue&#8230;., Gratuit ouvert \u00e0 tous.<\/li>\n\n\n\n<li class=\"has-small-font-size\">11h00 : D\u00e9part Serre Ch&rsquo;Ensemble Trail &#8211; Course Solidaire<\/li>\n\n\n\n<li class=\"has-small-font-size\">14h00 : D\u00e9part du Tour des Chapelles \u2013 12km<\/li>\n\n\n\n<li class=\"has-small-font-size\">15h30 : Serre Che Kids&nbsp;\u2013 Courses enfants sur le front de neige de Pr\u00e9 Chabert \u2013 M\u00f4netier Les Bains.<strong> &nbsp;<\/strong><\/li>\n\n\n\n<li class=\"has-small-font-size\">17h00 : Podiums Serre Ch&rsquo;Ensemble 5km, Serre Che kids et Tour des Chapelles 12km.<\/li>\n<\/ul>\n\n\n\n<p class=\"has-small-font-size\"><strong>Dimanche 13 septembre<\/strong><\/p>\n\n\n\n<ul class=\"wp-block-list\">\n<li class=\"has-small-font-size\">05h00 \u2013 07h45 : Retrait des dossards et inscriptions, salle du D\u00f4me \u00e0 Pr\u00e9 Chabert \u2013 Mon\u00eatier les Bains.<\/li>\n\n\n\n<li class=\"has-small-font-size\">06h00 : D\u00e9part du Grand Tour des Cerces \u2013 60km et Marathon 45km.<\/li>\n\n\n\n<li class=\"has-small-font-size\">08h00 : D\u00e9part du Petit Tour des Cerces \u2013 &nbsp;26 km.<\/li>\n\n\n\n<li class=\"has-small-font-size\">09h00 \u2013 19h00 : Ouverture de l\u2019espace buvette-snack-boutique.<\/li>\n\n\n\n<li class=\"has-small-font-size\">10h30 : Arriv\u00e9e du premier coureur du 26km et du Marathon des Cerces 45km.<\/li>\n\n\n\n<li class=\"has-small-font-size\">11h00&nbsp;\u2013 19h00&nbsp;: Repas d\u2019apr\u00e8s course au restaurant de Pr\u00e9 Chabert \u2013 M\u00f4netier les bains.<\/li>\n\n\n\n<li class=\"has-small-font-size\">12h30&nbsp;: Arriv\u00e9e du premier coureur du 60km.<\/li>\n\n\n\n<li class=\"has-small-font-size\">13h00-18h00: Animation Escalade<\/li>\n\n\n\n<li class=\"has-small-font-size\">15h00 : Podiums.<\/li>\n\n\n\n<li class=\"has-small-font-size\">19h00&nbsp;: Arriv\u00e9e des derniers coureurs.<\/li>\n<\/ul>\n<\/div>\n\n\n\n<div id=\"EQUIPEMENT\" class=\"wp-block-group has-global-padding is-layout-constrained wp-container-core-group-is-layout-b13d32f8 wp-block-group-is-layout-constrained\" style=\"padding-right:var(--wp--preset--spacing--10);padding-left:var(--wp--preset--spacing--10)\">\n<h2 class=\"wp-block-heading has-text-align-left has-accent-3-color has-text-color has-link-color has-large-font-size wp-elements-3a008e1826c0c8614e0c36364d250c32\" style=\"padding-top:var(--wp--preset--spacing--40);padding-bottom:0;font-style:normal;font-weight:700;text-transform:capitalize\">\u00e9quipement<\/h2>\n\n\n\n<p class=\"justifier has-small-font-size\"><strong>Mat\u00e9riels obligatoires pour l&rsquo;ensemble des parcours du Serre Che Trail<\/strong>&nbsp;<strong>se d\u00e9roulant le dimanche 13 septembre 2026 (60km, 45km et 26km)<\/strong>.&nbsp;<strong>Aucun mat\u00e9riel obligatoire pour le Tour des Chapelles 12km et le Serre Ch&rsquo;Ensemble 05km du samedi 12 septembre 2026.<\/strong><\/p>\n\n\n\n<ul class=\"wp-block-list has-small-font-size\">\n<li>une lampe frontale avec batterie de rechange (45km et&nbsp;60km uniquement)<\/li>\n\n\n\n<li>un litre de r\u00e9serve d&rsquo;eau minimum<\/li>\n\n\n\n<li>r\u00e9serve alimentaire<\/li>\n\n\n\n<li>une veste imperm\u00e9able avec capuche permettant de supporter le mauvais temps en montagne et \u00e0 la taille du coureur<\/li>\n\n\n\n<li>une couverture de survie<\/li>\n\n\n\n<li>un t\u00e9l\u00e9phone portable<\/li>\n<\/ul>\n\n\n\n<p class=\"has-small-font-size\"><strong>Mat\u00e9riels fortement recommand\u00e9s<\/strong>&nbsp;:<\/p>\n\n\n\n<ul class=\"wp-block-list has-small-font-size\">\n<li>lunettes de soleil<\/li>\n\n\n\n<li>casquette<\/li>\n\n\n\n<li>bonnet<\/li>\n\n\n\n<li>gants<\/li>\n\n\n\n<li>v\u00eatements chauds indispensables en cas de mauvaises conditions m\u00e9t\u00e9orologiques<\/li>\n<\/ul>\n\n\n\n<p class=\"has-small-font-size\"><strong>B\u00e2tons de marche&nbsp;<\/strong>:<\/p>\n\n\n\n<p class=\"has-small-font-size\">Les b\u00e2tons sont autoris\u00e9s. Si vous choisissez de prendre les b\u00e2tons, c&rsquo;est pour toute la dur\u00e9e de la course.<\/p>\n\n\n\n<p class=\"has-small-font-size\">Il est<strong>&nbsp;interdit<\/strong>&nbsp;:<\/p>\n\n\n\n<ul class=\"wp-block-list\">\n<li class=\"has-small-font-size\">de partir sans b\u00e2tons et d&rsquo;en r\u00e9cup\u00e9rer en cours de route<\/li>\n\n\n\n<li class=\"has-small-font-size\">de partir avec et de les d\u00e9poser avant l&rsquo;arriv\u00e9e<\/li>\n<\/ul>\n<\/div>\n<\/div>\n","protected":false},"excerpt":{"rendered":"<p>serre che trail Serre Ch&rsquo;Ensemble 5 km \/ + 250 m Marche et Course inclusive et solidaire ouverte \u00e0 tous ainsi qu&rsquo;aux sportifs en situation de handicap mental, psychique et neuro-d\u00e9veloppemental. La totalit\u00e9 des inscriptions est revers\u00e9e \u00e0 une association. Fiche Technique Parcours Programme Vendredi 11 septembre -16h00 &#8211; 19h00 : Retrait des dossards et [&hellip;]<\/p>\n","protected":false},"author":1,"featured_media":0,"parent":0,"menu_order":0,"comment_status":"closed","ping_status":"closed","template":"page-no-title","meta":{"footnotes":""},"class_list":["post-1642","page","type-page","status-publish","hentry"],"yoast_head":"<!-- This site is optimized with the Yoast SEO plugin v26.7 - https:\/\/yoast.com\/wordpress\/plugins\/seo\/ -->\n<title>SerreCh&#039;Ensemble - 5km - Trail Serre Chevalier<\/title>\n<meta name=\"robots\" content=\"index, follow, max-snippet:-1, max-image-preview:large, max-video-preview:-1\" \/>\n<link rel=\"canonical\" href=\"https:\/\/trail-serre-chevalier.com\/index.php\/serrechensemble-trail\/\" \/>\n<meta property=\"og:locale\" content=\"fr_FR\" \/>\n<meta property=\"og:type\" content=\"article\" \/>\n<meta property=\"og:title\" content=\"SerreCh&#039;Ensemble - 5km - Trail Serre Chevalier\" \/>\n<meta property=\"og:description\" content=\"serre che trail Serre Ch&rsquo;Ensemble 5 km \/ + 250 m Marche et Course inclusive et solidaire ouverte \u00e0 tous ainsi qu&rsquo;aux sportifs en situation de handicap mental, psychique et neuro-d\u00e9veloppemental. La totalit\u00e9 des inscriptions est revers\u00e9e \u00e0 une association. Fiche Technique Parcours Programme Vendredi 11 septembre -16h00 &#8211; 19h00 : Retrait des dossards et [&hellip;]\" \/>\n<meta property=\"og:url\" content=\"https:\/\/trail-serre-chevalier.com\/index.php\/serrechensemble-trail\/\" \/>\n<meta property=\"og:site_name\" content=\"Trail Serre Chevalier\" \/>\n<meta property=\"article:publisher\" content=\"https:\/\/www.facebook.com\/serrechetrailsalomon\" \/>\n<meta property=\"article:modified_time\" content=\"2025-12-02T18:41:28+00:00\" \/>\n<meta property=\"og:image\" content=\"https:\/\/trail-serre-chevalier.com\/wp-content\/uploads\/2024\/09\/SERRE_CHE_TRAIL.jpg\" \/>\n\t<meta property=\"og:image:width\" content=\"1707\" \/>\n\t<meta property=\"og:image:height\" content=\"2560\" \/>\n\t<meta property=\"og:image:type\" content=\"image\/jpeg\" \/>\n<meta name=\"twitter:card\" content=\"summary_large_image\" \/>\n<meta name=\"twitter:label1\" content=\"Dur\u00e9e de lecture estim\u00e9e\" \/>\n\t<meta name=\"twitter:data1\" content=\"5 minutes\" \/>\n<script type=\"application\/ld+json\" class=\"yoast-schema-graph\">{\"@context\":\"https:\/\/schema.org\",\"@graph\":[{\"@type\":\"WebPage\",\"@id\":\"https:\/\/trail-serre-chevalier.com\/index.php\/serrechensemble-trail\/\",\"url\":\"https:\/\/trail-serre-chevalier.com\/index.php\/serrechensemble-trail\/\",\"name\":\"SerreCh'Ensemble - 5km - Trail Serre Chevalier\",\"isPartOf\":{\"@id\":\"https:\/\/trail-serre-chevalier.com\/#website\"},\"primaryImageOfPage\":{\"@id\":\"https:\/\/trail-serre-chevalier.com\/index.php\/serrechensemble-trail\/#primaryimage\"},\"image\":{\"@id\":\"https:\/\/trail-serre-chevalier.com\/index.php\/serrechensemble-trail\/#primaryimage\"},\"thumbnailUrl\":\"https:\/\/trail-serre-chevalier.com\/wp-content\/uploads\/2024\/09\/SERRE_CHE_TRAIL.jpg\",\"datePublished\":\"2025-06-10T13:47:41+00:00\",\"dateModified\":\"2025-12-02T18:41:28+00:00\",\"breadcrumb\":{\"@id\":\"https:\/\/trail-serre-chevalier.com\/index.php\/serrechensemble-trail\/#breadcrumb\"},\"inLanguage\":\"fr-FR\",\"potentialAction\":[{\"@type\":\"ReadAction\",\"target\":[\"https:\/\/trail-serre-chevalier.com\/index.php\/serrechensemble-trail\/\"]}]},{\"@type\":\"ImageObject\",\"inLanguage\":\"fr-FR\",\"@id\":\"https:\/\/trail-serre-chevalier.com\/index.php\/serrechensemble-trail\/#primaryimage\",\"url\":\"https:\/\/trail-serre-chevalier.com\/wp-content\/uploads\/2024\/09\/SERRE_CHE_TRAIL.jpg\",\"contentUrl\":\"https:\/\/trail-serre-chevalier.com\/wp-content\/uploads\/2024\/09\/SERRE_CHE_TRAIL.jpg\",\"width\":1707,\"height\":2560},{\"@type\":\"BreadcrumbList\",\"@id\":\"https:\/\/trail-serre-chevalier.com\/index.php\/serrechensemble-trail\/#breadcrumb\",\"itemListElement\":[{\"@type\":\"ListItem\",\"position\":1,\"name\":\"Accueil\",\"item\":\"https:\/\/trail-serre-chevalier.com\/\"},{\"@type\":\"ListItem\",\"position\":2,\"name\":\"SerreCh&rsquo;Ensemble &#8211; 5km\"}]},{\"@type\":\"WebSite\",\"@id\":\"https:\/\/trail-serre-chevalier.com\/#website\",\"url\":\"https:\/\/trail-serre-chevalier.com\/\",\"name\":\"Trail Serre Chevalier\",\"description\":\"Une vall\u00e9e, 4 \u00e9v\u00e8nements\",\"publisher\":{\"@id\":\"https:\/\/trail-serre-chevalier.com\/#organization\"},\"alternateName\":\"Serre Che Trail\",\"potentialAction\":[{\"@type\":\"SearchAction\",\"target\":{\"@type\":\"EntryPoint\",\"urlTemplate\":\"https:\/\/trail-serre-chevalier.com\/?s={search_term_string}\"},\"query-input\":{\"@type\":\"PropertyValueSpecification\",\"valueRequired\":true,\"valueName\":\"search_term_string\"}}],\"inLanguage\":\"fr-FR\"},{\"@type\":\"Organization\",\"@id\":\"https:\/\/trail-serre-chevalier.com\/#organization\",\"name\":\"Trail Serre Chevalier\",\"alternateName\":\"Serre Che Trail\",\"url\":\"https:\/\/trail-serre-chevalier.com\/\",\"logo\":{\"@type\":\"ImageObject\",\"inLanguage\":\"fr-FR\",\"@id\":\"https:\/\/trail-serre-chevalier.com\/#\/schema\/logo\/image\/\",\"url\":\"https:\/\/trail-serre-chevalier.com\/wp-content\/uploads\/2024\/09\/LOGO-SCT-QUADRI.png\",\"contentUrl\":\"https:\/\/trail-serre-chevalier.com\/wp-content\/uploads\/2024\/09\/LOGO-SCT-QUADRI.png\",\"width\":1100,\"height\":1100,\"caption\":\"Trail Serre Chevalier\"},\"image\":{\"@id\":\"https:\/\/trail-serre-chevalier.com\/#\/schema\/logo\/image\/\"},\"sameAs\":[\"https:\/\/www.facebook.com\/serrechetrailsalomon\",\"https:\/\/www.instagram.com\/serrechetrail\/?igshid=MzMyNGUyNmU2YQ\"]}]}<\/script>\n<!-- \/ Yoast SEO plugin. -->","yoast_head_json":{"title":"SerreCh'Ensemble - 5km - Trail Serre Chevalier","robots":{"index":"index","follow":"follow","max-snippet":"max-snippet:-1","max-image-preview":"max-image-preview:large","max-video-preview":"max-video-preview:-1"},"canonical":"https:\/\/trail-serre-chevalier.com\/index.php\/serrechensemble-trail\/","og_locale":"fr_FR","og_type":"article","og_title":"SerreCh'Ensemble - 5km - Trail Serre Chevalier","og_description":"serre che trail Serre Ch&rsquo;Ensemble 5 km \/ + 250 m Marche et Course inclusive et solidaire ouverte \u00e0 tous ainsi qu&rsquo;aux sportifs en situation de handicap mental, psychique et neuro-d\u00e9veloppemental. La totalit\u00e9 des inscriptions est revers\u00e9e \u00e0 une association. Fiche Technique Parcours Programme Vendredi 11 septembre -16h00 &#8211; 19h00 : Retrait des dossards et [&hellip;]","og_url":"https:\/\/trail-serre-chevalier.com\/index.php\/serrechensemble-trail\/","og_site_name":"Trail Serre Chevalier","article_publisher":"https:\/\/www.facebook.com\/serrechetrailsalomon","article_modified_time":"2025-12-02T18:41:28+00:00","og_image":[{"width":1707,"height":2560,"url":"https:\/\/trail-serre-chevalier.com\/wp-content\/uploads\/2024\/09\/SERRE_CHE_TRAIL.jpg","type":"image\/jpeg"}],"twitter_card":"summary_large_image","twitter_misc":{"Dur\u00e9e de lecture estim\u00e9e":"5 minutes"},"schema":{"@context":"https:\/\/schema.org","@graph":[{"@type":"WebPage","@id":"https:\/\/trail-serre-chevalier.com\/index.php\/serrechensemble-trail\/","url":"https:\/\/trail-serre-chevalier.com\/index.php\/serrechensemble-trail\/","name":"SerreCh'Ensemble - 5km - Trail Serre Chevalier","isPartOf":{"@id":"https:\/\/trail-serre-chevalier.com\/#website"},"primaryImageOfPage":{"@id":"https:\/\/trail-serre-chevalier.com\/index.php\/serrechensemble-trail\/#primaryimage"},"image":{"@id":"https:\/\/trail-serre-chevalier.com\/index.php\/serrechensemble-trail\/#primaryimage"},"thumbnailUrl":"https:\/\/trail-serre-chevalier.com\/wp-content\/uploads\/2024\/09\/SERRE_CHE_TRAIL.jpg","datePublished":"2025-06-10T13:47:41+00:00","dateModified":"2025-12-02T18:41:28+00:00","breadcrumb":{"@id":"https:\/\/trail-serre-chevalier.com\/index.php\/serrechensemble-trail\/#breadcrumb"},"inLanguage":"fr-FR","potentialAction":[{"@type":"ReadAction","target":["https:\/\/trail-serre-chevalier.com\/index.php\/serrechensemble-trail\/"]}]},{"@type":"ImageObject","inLanguage":"fr-FR","@id":"https:\/\/trail-serre-chevalier.com\/index.php\/serrechensemble-trail\/#primaryimage","url":"https:\/\/trail-serre-chevalier.com\/wp-content\/uploads\/2024\/09\/SERRE_CHE_TRAIL.jpg","contentUrl":"https:\/\/trail-serre-chevalier.com\/wp-content\/uploads\/2024\/09\/SERRE_CHE_TRAIL.jpg","width":1707,"height":2560},{"@type":"BreadcrumbList","@id":"https:\/\/trail-serre-chevalier.com\/index.php\/serrechensemble-trail\/#breadcrumb","itemListElement":[{"@type":"ListItem","position":1,"name":"Accueil","item":"https:\/\/trail-serre-chevalier.com\/"},{"@type":"ListItem","position":2,"name":"SerreCh&rsquo;Ensemble &#8211; 5km"}]},{"@type":"WebSite","@id":"https:\/\/trail-serre-chevalier.com\/#website","url":"https:\/\/trail-serre-chevalier.com\/","name":"Trail Serre Chevalier","description":"Une vall\u00e9e, 4 \u00e9v\u00e8nements","publisher":{"@id":"https:\/\/trail-serre-chevalier.com\/#organization"},"alternateName":"Serre Che Trail","potentialAction":[{"@type":"SearchAction","target":{"@type":"EntryPoint","urlTemplate":"https:\/\/trail-serre-chevalier.com\/?s={search_term_string}"},"query-input":{"@type":"PropertyValueSpecification","valueRequired":true,"valueName":"search_term_string"}}],"inLanguage":"fr-FR"},{"@type":"Organization","@id":"https:\/\/trail-serre-chevalier.com\/#organization","name":"Trail Serre Chevalier","alternateName":"Serre Che Trail","url":"https:\/\/trail-serre-chevalier.com\/","logo":{"@type":"ImageObject","inLanguage":"fr-FR","@id":"https:\/\/trail-serre-chevalier.com\/#\/schema\/logo\/image\/","url":"https:\/\/trail-serre-chevalier.com\/wp-content\/uploads\/2024\/09\/LOGO-SCT-QUADRI.png","contentUrl":"https:\/\/trail-serre-chevalier.com\/wp-content\/uploads\/2024\/09\/LOGO-SCT-QUADRI.png","width":1100,"height":1100,"caption":"Trail Serre Chevalier"},"image":{"@id":"https:\/\/trail-serre-chevalier.com\/#\/schema\/logo\/image\/"},"sameAs":["https:\/\/www.facebook.com\/serrechetrailsalomon","https:\/\/www.instagram.com\/serrechetrail\/?igshid=MzMyNGUyNmU2YQ"]}]}},"_links":{"self":[{"href":"https:\/\/trail-serre-chevalier.com\/index.php\/wp-json\/wp\/v2\/pages\/1642","targetHints":{"allow":["GET"]}}],"collection":[{"href":"https:\/\/trail-serre-chevalier.com\/index.php\/wp-json\/wp\/v2\/pages"}],"about":[{"href":"https:\/\/trail-serre-chevalier.com\/index.php\/wp-json\/wp\/v2\/types\/page"}],"author":[{"embeddable":true,"href":"https:\/\/trail-serre-chevalier.com\/index.php\/wp-json\/wp\/v2\/users\/1"}],"replies":[{"embeddable":true,"href":"https:\/\/trail-serre-chevalier.com\/index.php\/wp-json\/wp\/v2\/comments?post=1642"}],"version-history":[{"count":13,"href":"https:\/\/trail-serre-chevalier.com\/index.php\/wp-json\/wp\/v2\/pages\/1642\/revisions"}],"predecessor-version":[{"id":1804,"href":"https:\/\/trail-serre-chevalier.com\/index.php\/wp-json\/wp\/v2\/pages\/1642\/revisions\/1804"}],"wp:attachment":[{"href":"https:\/\/trail-serre-chevalier.com\/index.php\/wp-json\/wp\/v2\/media?parent=1642"}],"curies":[{"name":"wp","href":"https:\/\/api.w.org\/{rel}","templated":true}]}}