{"id":871,"date":"2024-09-23T14:29:13","date_gmt":"2024-09-23T12:29:13","guid":{"rendered":"http:\/\/localhost:8888\/trail\/?page_id=871"},"modified":"2026-01-07T18:20:36","modified_gmt":"2026-01-07T17:20:36","slug":"vmt_14_kms","status":"publish","type":"page","link":"https:\/\/trail-serre-chevalier.com\/index.php\/vmt_14_kms\/","title":{"rendered":"Vauban Mountain Trail &#8211; 14 km"},"content":{"rendered":"\n<div class=\"wp-block-group alignfull has-background has-global-padding is-layout-constrained wp-container-core-group-is-layout-1131737d wp-block-group-is-layout-constrained\" style=\"background-color:#a7835f;margin-top:0;margin-bottom:0;padding-top:var(--wp--preset--spacing--20);padding-right:var(--wp--preset--spacing--20);padding-bottom:var(--wp--preset--spacing--20);padding-left:var(--wp--preset--spacing--20)\">\n<div class=\"wp-block-columns alignwide are-vertically-aligned-top is-layout-flex wp-container-core-columns-is-layout-60a90298 wp-block-columns-is-layout-flex\">\n<div class=\"wp-block-column is-vertically-aligned-top is-layout-flow wp-block-column-is-layout-flow\" style=\"flex-basis:20%\">\n<figure class=\"wp-block-image size-full has-custom-border is-style-rounded is-style-rounded--1\"><img loading=\"lazy\" decoding=\"async\" width=\"1218\" height=\"812\" src=\"https:\/\/trail-serre-chevalier.com\/wp-content\/uploads\/2024\/09\/VUT2024-197.jpg\" alt=\"\" class=\"has-border-color has-base-2-border-color wp-image-914\" style=\"aspect-ratio:3\/2;object-fit:cover\" srcset=\"https:\/\/trail-serre-chevalier.com\/wp-content\/uploads\/2024\/09\/VUT2024-197.jpg 1218w, https:\/\/trail-serre-chevalier.com\/wp-content\/uploads\/2024\/09\/VUT2024-197-300x200.jpg 300w, https:\/\/trail-serre-chevalier.com\/wp-content\/uploads\/2024\/09\/VUT2024-197-1024x683.jpg 1024w, https:\/\/trail-serre-chevalier.com\/wp-content\/uploads\/2024\/09\/VUT2024-197-768x512.jpg 768w\" sizes=\"auto, (max-width: 1218px) 100vw, 1218px\" \/><\/figure>\n<\/div>\n\n\n\n<div class=\"wp-block-column is-vertically-aligned-top has-base-2-color has-text-color has-link-color wp-elements-a378938865906bb8ded98e2c469f541a is-layout-flow wp-container-core-column-is-layout-b2a27621 wp-block-column-is-layout-flow\" style=\"padding-top:0;padding-right:0;padding-bottom:0;padding-left:0;flex-basis:80%\">\n<h2 class=\"wp-block-heading has-base-2-color has-text-color has-link-color wp-elements-5a4db4fe3391abe945ca2681a04ae422\" style=\"margin-top:0;margin-bottom:0;font-size:clamp(1.25rem, 1.25rem + ((1vw - 0.2rem) * 1.25), 2rem);font-style:normal;font-weight:700;text-transform:uppercase\">VAUBAN mountain trail<\/h2>\n\n\n\n<h3 class=\"wp-block-heading has-base-2-color has-text-color has-link-color has-medium-font-size wp-elements-7fe6d5ca29a7570c8fcda9d6c63a5110\" style=\"font-style:normal;font-weight:700;text-transform:uppercase\">GRAND PARCOURS 14 km \/ + 1000 m &#8211; WMRA World Cup<\/h3>\n\n\n\n<p class=\"justifier has-small-font-size\" style=\"margin-top:var(--wp--preset--spacing--10);font-style:normal;font-weight:300\">La 6\u00e8me \u00e9dition du Vauban Mountain Trail se d\u00e9roulera du 18 au 19 juillet 2026 au coeur de la ville class\u00e9e au patrimoine mondial de l\u2019UNESCO pour ses fortifications Vauban: Brian\u00e7on. Partez \u00e0 la d\u00e9couverte de ces sentiers couverts d\u2019histoire autour de la ville la plus haute d\u2019Europe avec 3 parcours au programme de ce week-end au coeur de la saison estivale. Le Vauban Mountain Trail 14km sera \u00e9tape de coupe du monde WMRA de course en montagne 2025. TOUTES LES COURSES SONT OUVERTES A TOUS, LICENCIES OU NON.<\/p>\n<\/div>\n<\/div>\n<\/div>\n\n\n\n<div class=\"wp-block-group alignfull has-global-padding is-layout-constrained wp-container-core-group-is-layout-5927724f wp-block-group-is-layout-constrained\" style=\"margin-top:0;margin-bottom:0;padding-top:0;padding-right:0;padding-bottom:var(--wp--preset--spacing--10);padding-left:0\">\n<div class=\"wp-block-group alignfull has-global-padding is-layout-constrained wp-container-core-group-is-layout-a75fe9cd wp-block-group-is-layout-constrained wp-container-2 is-position-sticky\" style=\"margin-top:0;margin-bottom:0;padding-top:var(--wp--preset--spacing--10);padding-bottom:var(--wp--preset--spacing--10)\">\n<div class=\"wp-block-columns is-not-stacked-on-mobile is-layout-flex wp-container-core-columns-is-layout-28f84493 wp-block-columns-is-layout-flex\">\n<div class=\"wp-block-column is-layout-flow wp-block-column-is-layout-flow\">\n<figure class=\"wp-block-image aligncenter size-full is-resized has-custom-border is-style-default\"><a href=\"#UP\"><img loading=\"lazy\" decoding=\"async\" width=\"360\" height=\"360\" src=\"https:\/\/trail-serre-chevalier.com\/wp-content\/uploads\/2024\/09\/HOME.jpg\" alt=\"\" class=\"has-border-color wp-image-888\" style=\"border-color:#a7835f;border-width:2px;border-radius:75px;width:50px\" srcset=\"https:\/\/trail-serre-chevalier.com\/wp-content\/uploads\/2024\/09\/HOME.jpg 360w, https:\/\/trail-serre-chevalier.com\/wp-content\/uploads\/2024\/09\/HOME-300x300.jpg 300w, https:\/\/trail-serre-chevalier.com\/wp-content\/uploads\/2024\/09\/HOME-150x150.jpg 150w\" sizes=\"auto, (max-width: 360px) 100vw, 360px\" \/><\/a><\/figure>\n<\/div>\n\n\n\n<div class=\"wp-block-column is-layout-flow wp-block-column-is-layout-flow\">\n<figure class=\"wp-block-image aligncenter size-full is-resized has-custom-border is-style-default\"><a href=\"#PARCOURS\"><img loading=\"lazy\" decoding=\"async\" width=\"1024\" height=\"1024\" src=\"https:\/\/trail-serre-chevalier.com\/wp-content\/uploads\/2024\/09\/map.png\" alt=\"\" class=\"has-border-color wp-image-670\" style=\"border-color:#a7835f;border-width:2px;border-radius:50%;width:50px\" srcset=\"https:\/\/trail-serre-chevalier.com\/wp-content\/uploads\/2024\/09\/map.png 1024w, https:\/\/trail-serre-chevalier.com\/wp-content\/uploads\/2024\/09\/map-300x300.png 300w, https:\/\/trail-serre-chevalier.com\/wp-content\/uploads\/2024\/09\/map-150x150.png 150w, https:\/\/trail-serre-chevalier.com\/wp-content\/uploads\/2024\/09\/map-768x768.png 768w\" sizes=\"auto, (max-width: 1024px) 100vw, 1024px\" \/><\/a><\/figure>\n<\/div>\n\n\n\n<div class=\"wp-block-column is-layout-flow wp-block-column-is-layout-flow\">\n<figure class=\"wp-block-image aligncenter size-full is-resized has-custom-border is-style-default\"><a href=\"#PROGRAMME\"><img loading=\"lazy\" decoding=\"async\" width=\"1024\" height=\"1024\" src=\"https:\/\/trail-serre-chevalier.com\/wp-content\/uploads\/2024\/09\/programme.png\" alt=\"\" class=\"has-border-color wp-image-565\" style=\"border-color:#a7835f;border-width:2px;border-radius:50%;aspect-ratio:1;object-fit:cover;width:50px\" srcset=\"https:\/\/trail-serre-chevalier.com\/wp-content\/uploads\/2024\/09\/programme.png 1024w, https:\/\/trail-serre-chevalier.com\/wp-content\/uploads\/2024\/09\/programme-300x300.png 300w, https:\/\/trail-serre-chevalier.com\/wp-content\/uploads\/2024\/09\/programme-150x150.png 150w, https:\/\/trail-serre-chevalier.com\/wp-content\/uploads\/2024\/09\/programme-768x768.png 768w\" sizes=\"auto, (max-width: 1024px) 100vw, 1024px\" \/><\/a><\/figure>\n<\/div>\n\n\n\n<div class=\"wp-block-column is-layout-flow wp-block-column-is-layout-flow\">\n<figure class=\"wp-block-image aligncenter size-full is-resized has-custom-border is-style-default\"><a href=\"#EQUIPEMENT\"><img loading=\"lazy\" decoding=\"async\" width=\"1024\" height=\"1024\" src=\"https:\/\/trail-serre-chevalier.com\/wp-content\/uploads\/2024\/09\/gear.png\" alt=\"\" class=\"has-border-color wp-image-561\" style=\"border-color:#a7835f;border-width:2px;border-radius:50%;aspect-ratio:1;object-fit:cover;width:50px\" srcset=\"https:\/\/trail-serre-chevalier.com\/wp-content\/uploads\/2024\/09\/gear.png 1024w, https:\/\/trail-serre-chevalier.com\/wp-content\/uploads\/2024\/09\/gear-300x300.png 300w, https:\/\/trail-serre-chevalier.com\/wp-content\/uploads\/2024\/09\/gear-150x150.png 150w, https:\/\/trail-serre-chevalier.com\/wp-content\/uploads\/2024\/09\/gear-768x768.png 768w\" sizes=\"auto, (max-width: 1024px) 100vw, 1024px\" \/><\/a><\/figure>\n<\/div>\n\n\n\n<div class=\"wp-block-column is-layout-flow wp-block-column-is-layout-flow\">\n<figure class=\"wp-block-image aligncenter size-full is-resized has-custom-border is-style-default\"><a href=\"https:\/\/trail-serre-chevalier.com\/index.php\/reglements\/\"><img loading=\"lazy\" decoding=\"async\" width=\"1024\" height=\"1024\" src=\"https:\/\/trail-serre-chevalier.com\/wp-content\/uploads\/2024\/09\/reglement.png\" alt=\"\" class=\"has-border-color wp-image-573\" style=\"border-color:#a7835f;border-width:2px;border-radius:50%;aspect-ratio:1;object-fit:cover;width:50px\" srcset=\"https:\/\/trail-serre-chevalier.com\/wp-content\/uploads\/2024\/09\/reglement.png 1024w, https:\/\/trail-serre-chevalier.com\/wp-content\/uploads\/2024\/09\/reglement-300x300.png 300w, https:\/\/trail-serre-chevalier.com\/wp-content\/uploads\/2024\/09\/reglement-150x150.png 150w, https:\/\/trail-serre-chevalier.com\/wp-content\/uploads\/2024\/09\/reglement-768x768.png 768w\" sizes=\"auto, (max-width: 1024px) 100vw, 1024px\" \/><\/a><\/figure>\n<\/div>\n<\/div>\n<\/div>\n\n\n\n<div class=\"wp-block-group justifier has-small-font-size has-global-padding is-layout-constrained wp-container-core-group-is-layout-b13d32f8 wp-block-group-is-layout-constrained\" style=\"padding-right:var(--wp--preset--spacing--10);padding-left:var(--wp--preset--spacing--10)\">\n<h2 class=\"wp-block-heading has-text-align-left has-text-color has-link-color has-large-font-size wp-elements-8b4e3d135ca5f3c92513ca97ae424deb\" style=\"color:#a7835f;padding-top:var(--wp--preset--spacing--10);font-style:normal;font-weight:700;text-transform:capitalize\">Fiche technique<\/h2>\n\n\n\n<ul class=\"wp-block-list\">\n<li><strong>Dates<\/strong> : 19 juillet 2026<\/li>\n\n\n\n<li><strong>Distance<\/strong> : 14 km<\/li>\n\n\n\n<li><strong>D\u00e9nivel\u00e9<\/strong> : +1000 m \/ -1000 m<\/li>\n\n\n\n<li><strong>Frais d&rsquo;inscription<\/strong> : 25 \u20ac<\/li>\n\n\n\n<li><strong>Cloture des inscription<\/strong> : 17 juillet 2026<\/li>\n\n\n\n<li><strong>Quota d&rsquo;inscription<\/strong> : 600 coureurs pour l&rsquo;ensemble des courses<\/li>\n<\/ul>\n\n\n\n<div class=\"wp-block-group is-nowrap is-layout-flex wp-container-core-group-is-layout-17c695da wp-block-group-is-layout-flex\">\n<div class=\"wp-block-buttons is-content-justification-left is-layout-flex wp-container-core-buttons-is-layout-fc4fd283 wp-block-buttons-is-layout-flex\">\n<div class=\"wp-block-button is-style-fill\"><a class=\"wp-block-button__link has-base-2-color has-text-color has-background has-link-color has-small-font-size has-custom-font-size wp-element-button\" href=\"https:\/\/www.sportsnconnect.com\/calendrier-evenements\/view\/4qRw5DrAWssDZj55G1DpXg\" style=\"border-style:none;border-width:0px;background-color:#a7835f;text-transform:uppercase\">INSCRIPTIONS<\/a><\/div>\n<\/div>\n\n\n\n<figure class=\"wp-block-image size-full is-resized has-custom-border\"><a href=\"https:\/\/trail-serre-chevalier.com\/wp-content\/uploads\/gpx\/VMT_14km.gpx\"><img loading=\"lazy\" decoding=\"async\" width=\"626\" height=\"626\" src=\"https:\/\/trail-serre-chevalier.com\/wp-content\/uploads\/2024\/09\/gpx.png\" alt=\"\" class=\"wp-image-764\" style=\"border-radius:0px;aspect-ratio:1;object-fit:cover;width:50px\" srcset=\"https:\/\/trail-serre-chevalier.com\/wp-content\/uploads\/2024\/09\/gpx.png 626w, https:\/\/trail-serre-chevalier.com\/wp-content\/uploads\/2024\/09\/gpx-300x300.png 300w, https:\/\/trail-serre-chevalier.com\/wp-content\/uploads\/2024\/09\/gpx-150x150.png 150w\" sizes=\"auto, (max-width: 626px) 100vw, 626px\" \/><\/a><\/figure>\n\n\n\n<figure class=\"wp-block-image size-full is-resized\"><a href=\"https:\/\/trail-serre-chevalier.com\/index.php\/vmt_en\/\"><img loading=\"lazy\" decoding=\"async\" width=\"500\" height=\"500\" src=\"https:\/\/trail-serre-chevalier.com\/wp-content\/uploads\/2025\/01\/pngegg.png\" alt=\"\" class=\"wp-image-1561\" style=\"aspect-ratio:1;object-fit:cover;width:50px\" srcset=\"https:\/\/trail-serre-chevalier.com\/wp-content\/uploads\/2025\/01\/pngegg.png 500w, https:\/\/trail-serre-chevalier.com\/wp-content\/uploads\/2025\/01\/pngegg-300x300.png 300w, https:\/\/trail-serre-chevalier.com\/wp-content\/uploads\/2025\/01\/pngegg-150x150.png 150w\" sizes=\"auto, (max-width: 500px) 100vw, 500px\" \/><\/a><\/figure>\n<\/div>\n<\/div>\n\n\n\n<div id=\"PARCOURS\" class=\"wp-block-group justifier has-small-font-size has-global-padding is-layout-constrained wp-container-core-group-is-layout-b13d32f8 wp-block-group-is-layout-constrained\" style=\"padding-right:var(--wp--preset--spacing--10);padding-left:var(--wp--preset--spacing--10)\">\n<h2 class=\"wp-block-heading has-text-align-left has-text-color has-link-color has-large-font-size wp-elements-5e6e38be8bfc930aa4add73dfa1cbf30\" style=\"color:#a7835f;padding-top:var(--wp--preset--spacing--40);font-style:normal;font-weight:700;text-transform:capitalize\">Parcours<\/h2>\n\n\n\n<figure class=\"wp-block-image alignfull size-full has-custom-border\"><img loading=\"lazy\" decoding=\"async\" width=\"595\" height=\"841\" src=\"https:\/\/trail-serre-chevalier.com\/wp-content\/uploads\/2025\/01\/14km-wmra-world-cup.jpg\" alt=\"\" class=\"has-border-color wp-image-1529\" style=\"border-color:#a7835f;border-width:2px;border-radius:5px\" srcset=\"https:\/\/trail-serre-chevalier.com\/wp-content\/uploads\/2025\/01\/14km-wmra-world-cup.jpg 595w, https:\/\/trail-serre-chevalier.com\/wp-content\/uploads\/2025\/01\/14km-wmra-world-cup-212x300.jpg 212w\" sizes=\"auto, (max-width: 595px) 100vw, 595px\" \/><\/figure>\n<\/div>\n\n\n\n<div id=\"PROGRAMME\" class=\"wp-block-group has-global-padding is-layout-constrained wp-container-core-group-is-layout-b13d32f8 wp-block-group-is-layout-constrained\" style=\"padding-right:var(--wp--preset--spacing--10);padding-left:var(--wp--preset--spacing--10)\">\n<h2 class=\"wp-block-heading has-text-align-left has-text-color has-link-color has-large-font-size wp-elements-28d738d6de992627fb13a6363ae5842d\" style=\"color:#a7835f;padding-top:var(--wp--preset--spacing--40);font-style:normal;font-weight:700;text-transform:capitalize\">Programme<\/h2>\n\n\n\n<p class=\"has-small-font-size\"><strong>Vendredi 17 juillet<\/strong><\/p>\n\n\n\n<ul class=\"wp-block-list\">\n<li class=\"has-small-font-size\">16h00-19h00: Retraits des dossards et inscriptions, Parc de la Schappe, Brian\u00e7on<\/li>\n\n\n\n<li class=\"has-small-font-size\">18h30: Pr\u00e9sentation des Coureurs Elites WMRA et remise de leur dossard, Parc de la Schappe.<\/li>\n\n\n\n<li class=\"has-small-font-size\">17h00-21h00: Ouverture Espace Buvette, Parc de la Schappe.<\/li>\n\n\n\n<li class=\"has-small-font-size\">19h00: Concert Dj Set (by Dj Bloch), ouvert \u00e0 tous, Parc de la Schappe.<\/li>\n<\/ul>\n\n\n\n<p class=\"has-small-font-size\"><strong>Samedi 18 juillet<\/strong><\/p>\n<\/div>\n\n\n\n<div id=\"PROGRAMME\" class=\"wp-block-group has-global-padding is-layout-constrained wp-container-core-group-is-layout-b13d32f8 wp-block-group-is-layout-constrained\" style=\"padding-right:var(--wp--preset--spacing--10);padding-left:var(--wp--preset--spacing--10)\">\n<ul class=\"wp-block-list\">\n<li class=\"has-small-font-size\">07h00-08h30: Retrait des dossards et inscriptions Mont\u00e9e Verticale,&nbsp;Parc de la Schappe, Brian\u00e7on.<\/li>\n\n\n\n<li class=\"has-small-font-size\">08h30-08h45: D\u00e9pose sac coureur au d\u00e9part t\u00e9l\u00e9cabine du Prorel (Disponible \u00e0 l&rsquo;arriv\u00e9e de la mont\u00e9e verticale d\u00e8s 09h30).<\/li>\n\n\n\n<li class=\"has-small-font-size\">09h00: D\u00e9part de la mont\u00e9e verticale, Front de neige, t\u00e9l\u00e9cabine du Prorel, Brian\u00e7on.<\/li>\n\n\n\n<li class=\"has-small-font-size\">09h45: Arriv\u00e9e du premier coureur au sommet du t\u00e9l\u00e9cabine.<\/li>\n\n\n\n<li class=\"has-small-font-size\">14h00: Podiums Mont\u00e9e Verticale, Parc de la Schappe, Brian\u00e7on.<\/li>\n\n\n\n<li class=\"has-small-font-size\">15h00-18h00: Retrait des dossards et inscriptions 14km et 07km, parc de la Schappe, Brian\u00e7on.<\/li>\n<\/ul>\n\n\n\n<p class=\"has-small-font-size\"><strong>Dimanche 19 juillet<\/strong><\/p>\n\n\n\n<ul class=\"wp-block-list has-small-font-size\">\n<li>07h30 \u2013 08h45 : Retrait des dossards et inscriptions 14km et 7km, &nbsp;Parc de la Schappe, Brian\u00e7on.<\/li>\n\n\n\n<li>09h00 : D\u00e9part du&nbsp;Grand Parcours Vauban Mountain Trail 14km &#8211; WMRA World Cup<\/li>\n\n\n\n<li>09h45: D\u00e9part du Petit Parcours 07km.<\/li>\n\n\n\n<li>10h00&nbsp;: Arriv\u00e9e du premier coureur.<\/li>\n\n\n\n<li>11h00&nbsp;\u2013 14h00&nbsp;: Buffet d&rsquo;Apr\u00e8s-course, Parc de la Schappe<\/li>\n\n\n\n<li>12h00 :&nbsp;Podiums 14km et 07km<\/li>\n<\/ul>\n<\/div>\n\n\n\n<div id=\"EQUIPEMENT\" class=\"wp-block-group has-global-padding is-layout-constrained wp-container-core-group-is-layout-b13d32f8 wp-block-group-is-layout-constrained\" style=\"padding-right:var(--wp--preset--spacing--10);padding-left:var(--wp--preset--spacing--10)\">\n<h2 class=\"wp-block-heading has-text-align-left has-text-color has-link-color has-large-font-size wp-elements-ce7238c7cd2599cd0b9bdd1dc21496dc\" style=\"color:#a7835f;padding-top:var(--wp--preset--spacing--40);padding-bottom:0;font-style:normal;font-weight:700;text-transform:capitalize\">\u00e9quipement<\/h2>\n\n\n\n<p class=\"has-small-font-size\"><strong>Mat\u00e9riel obligatoire pour les parcours du Vauban Mountain Trail:<\/strong><\/p>\n\n\n\n<ul class=\"wp-block-list has-small-font-size\">\n<li>un t\u00e9l\u00e9phone portable.<\/li>\n<\/ul>\n\n\n\n<p class=\"has-small-font-size\"><strong>Mat\u00e9riels fortement recommand\u00e9s :<\/strong><\/p>\n\n\n\n<ul class=\"wp-block-list has-small-font-size\">\n<li>r\u00e9serve d\u2019eau.<\/li>\n\n\n\n<li>r\u00e9serve alimentaire.<\/li>\n\n\n\n<li>une veste imperm\u00e9able avec capuche&nbsp;si le temps est maussade.<\/li>\n<\/ul>\n\n\n\n<p class=\"has-small-font-size\"><strong>B\u00e2tons de marche&nbsp;<\/strong>:<\/p>\n\n\n\n<p class=\"has-small-font-size\">Les b\u00e2tons ne sont pas autoris\u00e9s.<\/p>\n\n\n\n<figure class=\"wp-block-image size-full\"><img loading=\"lazy\" decoding=\"async\" width=\"595\" height=\"841\" src=\"https:\/\/trail-serre-chevalier.com\/wp-content\/uploads\/2025\/06\/plan-VMT-.jpg\" alt=\"\" class=\"wp-image-1679\" srcset=\"https:\/\/trail-serre-chevalier.com\/wp-content\/uploads\/2025\/06\/plan-VMT-.jpg 595w, https:\/\/trail-serre-chevalier.com\/wp-content\/uploads\/2025\/06\/plan-VMT--212x300.jpg 212w\" sizes=\"auto, (max-width: 595px) 100vw, 595px\" \/><\/figure>\n<\/div>\n<\/div>\n","protected":false},"excerpt":{"rendered":"<p>VAUBAN mountain trail GRAND PARCOURS 14 km \/ + 1000 m &#8211; WMRA World Cup La 6\u00e8me \u00e9dition du Vauban Mountain Trail se d\u00e9roulera du 18 au 19 juillet 2026 au coeur de la ville class\u00e9e au patrimoine mondial de l\u2019UNESCO pour ses fortifications Vauban: Brian\u00e7on. Partez \u00e0 la d\u00e9couverte de ces sentiers couverts d\u2019histoire [&hellip;]<\/p>\n","protected":false},"author":1,"featured_media":0,"parent":0,"menu_order":0,"comment_status":"closed","ping_status":"closed","template":"page-no-title","meta":{"footnotes":""},"class_list":["post-871","page","type-page","status-publish","hentry"],"yoast_head":"<!-- This site is optimized with the Yoast SEO plugin v26.7 - https:\/\/yoast.com\/wordpress\/plugins\/seo\/ -->\n<title>Vauban Mountain Trail - 14 km - Trail Serre Chevalier<\/title>\n<meta name=\"description\" content=\"Trail Serre Chevalier - Vauban Mountain Trail - 14 km - Course de Trail dans la vall\u00e9e de Serre Chevalier et la Clar\u00e9e\" \/>\n<meta name=\"robots\" content=\"index, follow, max-snippet:-1, max-image-preview:large, max-video-preview:-1\" \/>\n<link rel=\"canonical\" href=\"https:\/\/trail-serre-chevalier.com\/index.php\/vmt_14_kms\/\" \/>\n<meta property=\"og:locale\" content=\"fr_FR\" \/>\n<meta property=\"og:type\" content=\"article\" \/>\n<meta property=\"og:title\" content=\"Vauban Mountain Trail - 14 km - Trail Serre Chevalier\" \/>\n<meta property=\"og:description\" content=\"Trail Serre Chevalier - Vauban Mountain Trail - 14 km - Course de Trail dans la vall\u00e9e de Serre Chevalier et la Clar\u00e9e\" \/>\n<meta property=\"og:url\" content=\"https:\/\/trail-serre-chevalier.com\/index.php\/vmt_14_kms\/\" \/>\n<meta property=\"og:site_name\" content=\"Trail Serre Chevalier\" \/>\n<meta property=\"article:publisher\" content=\"https:\/\/www.facebook.com\/serrechetrailsalomon\" \/>\n<meta property=\"article:modified_time\" content=\"2026-01-07T17:20:36+00:00\" \/>\n<meta property=\"og:image\" content=\"https:\/\/trail-serre-chevalier.com\/wp-content\/uploads\/2024\/09\/VUT2024-197.jpg\" \/>\n\t<meta property=\"og:image:width\" content=\"1218\" \/>\n\t<meta property=\"og:image:height\" content=\"812\" \/>\n\t<meta property=\"og:image:type\" content=\"image\/jpeg\" \/>\n<meta name=\"twitter:card\" content=\"summary_large_image\" \/>\n<meta name=\"twitter:label1\" content=\"Dur\u00e9e de lecture estim\u00e9e\" \/>\n\t<meta name=\"twitter:data1\" content=\"4 minutes\" \/>\n<script type=\"application\/ld+json\" class=\"yoast-schema-graph\">{\"@context\":\"https:\/\/schema.org\",\"@graph\":[{\"@type\":\"WebPage\",\"@id\":\"https:\/\/trail-serre-chevalier.com\/index.php\/vmt_14_kms\/\",\"url\":\"https:\/\/trail-serre-chevalier.com\/index.php\/vmt_14_kms\/\",\"name\":\"Vauban Mountain Trail - 14 km - Trail Serre Chevalier\",\"isPartOf\":{\"@id\":\"https:\/\/trail-serre-chevalier.com\/#website\"},\"primaryImageOfPage\":{\"@id\":\"https:\/\/trail-serre-chevalier.com\/index.php\/vmt_14_kms\/#primaryimage\"},\"image\":{\"@id\":\"https:\/\/trail-serre-chevalier.com\/index.php\/vmt_14_kms\/#primaryimage\"},\"thumbnailUrl\":\"https:\/\/trail-serre-chevalier.com\/wp-content\/uploads\/2024\/09\/VUT2024-197.jpg\",\"datePublished\":\"2024-09-23T12:29:13+00:00\",\"dateModified\":\"2026-01-07T17:20:36+00:00\",\"description\":\"Trail Serre Chevalier - Vauban Mountain Trail - 14 km - Course de Trail dans la vall\u00e9e de Serre Chevalier et la Clar\u00e9e\",\"breadcrumb\":{\"@id\":\"https:\/\/trail-serre-chevalier.com\/index.php\/vmt_14_kms\/#breadcrumb\"},\"inLanguage\":\"fr-FR\",\"potentialAction\":[{\"@type\":\"ReadAction\",\"target\":[\"https:\/\/trail-serre-chevalier.com\/index.php\/vmt_14_kms\/\"]}]},{\"@type\":\"ImageObject\",\"inLanguage\":\"fr-FR\",\"@id\":\"https:\/\/trail-serre-chevalier.com\/index.php\/vmt_14_kms\/#primaryimage\",\"url\":\"https:\/\/trail-serre-chevalier.com\/wp-content\/uploads\/2024\/09\/VUT2024-197.jpg\",\"contentUrl\":\"https:\/\/trail-serre-chevalier.com\/wp-content\/uploads\/2024\/09\/VUT2024-197.jpg\",\"width\":1218,\"height\":812},{\"@type\":\"BreadcrumbList\",\"@id\":\"https:\/\/trail-serre-chevalier.com\/index.php\/vmt_14_kms\/#breadcrumb\",\"itemListElement\":[{\"@type\":\"ListItem\",\"position\":1,\"name\":\"Accueil\",\"item\":\"https:\/\/trail-serre-chevalier.com\/\"},{\"@type\":\"ListItem\",\"position\":2,\"name\":\"Vauban Mountain Trail &#8211; 14 km\"}]},{\"@type\":\"WebSite\",\"@id\":\"https:\/\/trail-serre-chevalier.com\/#website\",\"url\":\"https:\/\/trail-serre-chevalier.com\/\",\"name\":\"Trail Serre Chevalier\",\"description\":\"Une vall\u00e9e, 4 \u00e9v\u00e8nements\",\"publisher\":{\"@id\":\"https:\/\/trail-serre-chevalier.com\/#organization\"},\"alternateName\":\"Serre Che Trail\",\"potentialAction\":[{\"@type\":\"SearchAction\",\"target\":{\"@type\":\"EntryPoint\",\"urlTemplate\":\"https:\/\/trail-serre-chevalier.com\/?s={search_term_string}\"},\"query-input\":{\"@type\":\"PropertyValueSpecification\",\"valueRequired\":true,\"valueName\":\"search_term_string\"}}],\"inLanguage\":\"fr-FR\"},{\"@type\":\"Organization\",\"@id\":\"https:\/\/trail-serre-chevalier.com\/#organization\",\"name\":\"Trail Serre Chevalier\",\"alternateName\":\"Serre Che Trail\",\"url\":\"https:\/\/trail-serre-chevalier.com\/\",\"logo\":{\"@type\":\"ImageObject\",\"inLanguage\":\"fr-FR\",\"@id\":\"https:\/\/trail-serre-chevalier.com\/#\/schema\/logo\/image\/\",\"url\":\"https:\/\/trail-serre-chevalier.com\/wp-content\/uploads\/2024\/09\/LOGO-SCT-QUADRI.png\",\"contentUrl\":\"https:\/\/trail-serre-chevalier.com\/wp-content\/uploads\/2024\/09\/LOGO-SCT-QUADRI.png\",\"width\":1100,\"height\":1100,\"caption\":\"Trail Serre Chevalier\"},\"image\":{\"@id\":\"https:\/\/trail-serre-chevalier.com\/#\/schema\/logo\/image\/\"},\"sameAs\":[\"https:\/\/www.facebook.com\/serrechetrailsalomon\",\"https:\/\/www.instagram.com\/serrechetrail\/?igshid=MzMyNGUyNmU2YQ\"]}]}<\/script>\n<!-- \/ Yoast SEO plugin. -->","yoast_head_json":{"title":"Vauban Mountain Trail - 14 km - Trail Serre Chevalier","description":"Trail Serre Chevalier - Vauban Mountain Trail - 14 km - Course de Trail dans la vall\u00e9e de Serre Chevalier et la Clar\u00e9e","robots":{"index":"index","follow":"follow","max-snippet":"max-snippet:-1","max-image-preview":"max-image-preview:large","max-video-preview":"max-video-preview:-1"},"canonical":"https:\/\/trail-serre-chevalier.com\/index.php\/vmt_14_kms\/","og_locale":"fr_FR","og_type":"article","og_title":"Vauban Mountain Trail - 14 km - Trail Serre Chevalier","og_description":"Trail Serre Chevalier - Vauban Mountain Trail - 14 km - Course de Trail dans la vall\u00e9e de Serre Chevalier et la Clar\u00e9e","og_url":"https:\/\/trail-serre-chevalier.com\/index.php\/vmt_14_kms\/","og_site_name":"Trail Serre Chevalier","article_publisher":"https:\/\/www.facebook.com\/serrechetrailsalomon","article_modified_time":"2026-01-07T17:20:36+00:00","og_image":[{"width":1218,"height":812,"url":"https:\/\/trail-serre-chevalier.com\/wp-content\/uploads\/2024\/09\/VUT2024-197.jpg","type":"image\/jpeg"}],"twitter_card":"summary_large_image","twitter_misc":{"Dur\u00e9e de lecture estim\u00e9e":"4 minutes"},"schema":{"@context":"https:\/\/schema.org","@graph":[{"@type":"WebPage","@id":"https:\/\/trail-serre-chevalier.com\/index.php\/vmt_14_kms\/","url":"https:\/\/trail-serre-chevalier.com\/index.php\/vmt_14_kms\/","name":"Vauban Mountain Trail - 14 km - Trail Serre Chevalier","isPartOf":{"@id":"https:\/\/trail-serre-chevalier.com\/#website"},"primaryImageOfPage":{"@id":"https:\/\/trail-serre-chevalier.com\/index.php\/vmt_14_kms\/#primaryimage"},"image":{"@id":"https:\/\/trail-serre-chevalier.com\/index.php\/vmt_14_kms\/#primaryimage"},"thumbnailUrl":"https:\/\/trail-serre-chevalier.com\/wp-content\/uploads\/2024\/09\/VUT2024-197.jpg","datePublished":"2024-09-23T12:29:13+00:00","dateModified":"2026-01-07T17:20:36+00:00","description":"Trail Serre Chevalier - Vauban Mountain Trail - 14 km - Course de Trail dans la vall\u00e9e de Serre Chevalier et la Clar\u00e9e","breadcrumb":{"@id":"https:\/\/trail-serre-chevalier.com\/index.php\/vmt_14_kms\/#breadcrumb"},"inLanguage":"fr-FR","potentialAction":[{"@type":"ReadAction","target":["https:\/\/trail-serre-chevalier.com\/index.php\/vmt_14_kms\/"]}]},{"@type":"ImageObject","inLanguage":"fr-FR","@id":"https:\/\/trail-serre-chevalier.com\/index.php\/vmt_14_kms\/#primaryimage","url":"https:\/\/trail-serre-chevalier.com\/wp-content\/uploads\/2024\/09\/VUT2024-197.jpg","contentUrl":"https:\/\/trail-serre-chevalier.com\/wp-content\/uploads\/2024\/09\/VUT2024-197.jpg","width":1218,"height":812},{"@type":"BreadcrumbList","@id":"https:\/\/trail-serre-chevalier.com\/index.php\/vmt_14_kms\/#breadcrumb","itemListElement":[{"@type":"ListItem","position":1,"name":"Accueil","item":"https:\/\/trail-serre-chevalier.com\/"},{"@type":"ListItem","position":2,"name":"Vauban Mountain Trail &#8211; 14 km"}]},{"@type":"WebSite","@id":"https:\/\/trail-serre-chevalier.com\/#website","url":"https:\/\/trail-serre-chevalier.com\/","name":"Trail Serre Chevalier","description":"Une vall\u00e9e, 4 \u00e9v\u00e8nements","publisher":{"@id":"https:\/\/trail-serre-chevalier.com\/#organization"},"alternateName":"Serre Che Trail","potentialAction":[{"@type":"SearchAction","target":{"@type":"EntryPoint","urlTemplate":"https:\/\/trail-serre-chevalier.com\/?s={search_term_string}"},"query-input":{"@type":"PropertyValueSpecification","valueRequired":true,"valueName":"search_term_string"}}],"inLanguage":"fr-FR"},{"@type":"Organization","@id":"https:\/\/trail-serre-chevalier.com\/#organization","name":"Trail Serre Chevalier","alternateName":"Serre Che Trail","url":"https:\/\/trail-serre-chevalier.com\/","logo":{"@type":"ImageObject","inLanguage":"fr-FR","@id":"https:\/\/trail-serre-chevalier.com\/#\/schema\/logo\/image\/","url":"https:\/\/trail-serre-chevalier.com\/wp-content\/uploads\/2024\/09\/LOGO-SCT-QUADRI.png","contentUrl":"https:\/\/trail-serre-chevalier.com\/wp-content\/uploads\/2024\/09\/LOGO-SCT-QUADRI.png","width":1100,"height":1100,"caption":"Trail Serre Chevalier"},"image":{"@id":"https:\/\/trail-serre-chevalier.com\/#\/schema\/logo\/image\/"},"sameAs":["https:\/\/www.facebook.com\/serrechetrailsalomon","https:\/\/www.instagram.com\/serrechetrail\/?igshid=MzMyNGUyNmU2YQ"]}]}},"_links":{"self":[{"href":"https:\/\/trail-serre-chevalier.com\/index.php\/wp-json\/wp\/v2\/pages\/871","targetHints":{"allow":["GET"]}}],"collection":[{"href":"https:\/\/trail-serre-chevalier.com\/index.php\/wp-json\/wp\/v2\/pages"}],"about":[{"href":"https:\/\/trail-serre-chevalier.com\/index.php\/wp-json\/wp\/v2\/types\/page"}],"author":[{"embeddable":true,"href":"https:\/\/trail-serre-chevalier.com\/index.php\/wp-json\/wp\/v2\/users\/1"}],"replies":[{"embeddable":true,"href":"https:\/\/trail-serre-chevalier.com\/index.php\/wp-json\/wp\/v2\/comments?post=871"}],"version-history":[{"count":62,"href":"https:\/\/trail-serre-chevalier.com\/index.php\/wp-json\/wp\/v2\/pages\/871\/revisions"}],"predecessor-version":[{"id":1826,"href":"https:\/\/trail-serre-chevalier.com\/index.php\/wp-json\/wp\/v2\/pages\/871\/revisions\/1826"}],"wp:attachment":[{"href":"https:\/\/trail-serre-chevalier.com\/index.php\/wp-json\/wp\/v2\/media?parent=871"}],"curies":[{"name":"wp","href":"https:\/\/api.w.org\/{rel}","templated":true}]}}